{"id":7711,"date":"2024-02-06T10:08:20","date_gmt":"2024-02-06T09:08:20","guid":{"rendered":"https:\/\/stjakobshalle.ch\/?page_id=7711"},"modified":"2024-03-07T10:10:52","modified_gmt":"2024-03-07T09:10:52","slug":"home","status":"publish","type":"page","link":"https:\/\/stjakobshalle.ch\/en\/","title":{"rendered":"Home"},"content":{"rendered":"<div class=\"wpb-content-wrapper\"><p>[vc_section full_width=&#8221;stretch_row&#8221; video_bg=&#8221;yes&#8221; video_bg_url=&#8221;https:\/\/hallenstadion.ch\/wp-content\/uploads\/2021\/11\/HASTA_Intro_final.mp4&#8243; css=&#8221;.vc_custom_1707210327991{background-image: url(https:\/\/stjakobshalle.ch\/wp-content\/uploads\/StJakobs-Web-Folgeseite-8_Events-Kopie.png?id=6926) !important;background-position: center !important;background-repeat: no-repeat !important;background-size: cover !important;}&#8221;][vc_row css=&#8221;.vc_custom_1697448900681{padding-top: 3em !important;padding-bottom: 5em !important;}&#8221;][vc_column width=&#8221;1\/2&#8243;][vc_column_text css=&#8221;.vc_custom_1709623941550{padding-right: 20px !important;}&#8221;]<\/p>\n<h2><strong>Welcome to Switzerland\u2019s top multipurpose Indoor Arena.<\/strong><\/h2>\n<p>[\/vc_column_text][vc_column_text el_class=&#8221;lead&#8221;]St. Jakobshalle Basel boasts a total of eleven halls under one roof and offers perfect conditions as well as all-round support to host unique events and exciting sporting<br \/>\nactivities. Select the category you are interested in.[\/vc_column_text][\/vc_column][vc_column width=&#8221;1\/2&#8243;][vc_column_text el_class=&#8221;sport-events-spalte&#8221;]<\/p>\n<h2 style=\"text-align: center;\"><a href=\"https:\/\/stjakobshalle.ch\/en\/promoters\">Promoters<\/a><\/h2>\n<hr \/>\n<h2 style=\"text-align: center;\"><a href=\"https:\/\/stjakobshalle.ch\/en\/sport\/\">Sports<\/a><\/h2>\n<hr \/>\n<h2 style=\"text-align: center;\"><a href=\"https:\/\/stjakobshalle.ch\/en\/infos\/#publikum\">Audience<\/a><\/h2>\n<p>[\/vc_column_text][\/vc_column][\/vc_row][vc_row full_width=&#8221;stretch_row_content_no_spaces&#8221; el_class=&#8221;events-carousel&#8221;][vc_column offset=&#8221;vc_col-lg-offset-1 vc_col-lg-10&#8243;][vc_column_text]<\/p>\n<p style=\"text-align: left;\">\r\n<div class=\"wpsisac-wrap wpsisac-slick-wrap wpsisac-slick-carousal-wrp wpsisac-clearfix \" data-conf=\"{&quot;dots&quot;:&quot;false&quot;,&quot;arrows&quot;:&quot;true&quot;,&quot;autoplay&quot;:&quot;true&quot;,&quot;autoplay_interval&quot;:3000,&quot;speed&quot;:600,&quot;design&quot;:&quot;prodesign-3&quot;,&quot;rtl&quot;:&quot;false&quot;,&quot;loop&quot;:&quot;true&quot;,&quot;slidestoshow&quot;:8,&quot;center_padding&quot;:0,&quot;slidestoscroll&quot;:1,&quot;centermode&quot;:&quot;false&quot;,&quot;hover_pause&quot;:&quot;true&quot;,&quot;focus_pause&quot;:&quot;false&quot;,&quot;lazyload&quot;:&quot;progressive&quot;}\">\r\n\t<div id=\"wpsisac-pro-slick-carousal-1\" class=\"wpsisac-slick wpsisac-slick-init wpsisac-slick-carousal wpsisac-slick-carousal-slider wpsisac-prodesign-3 wpsisac-arrow-design-1 wpsisac-dots-design-1 wpsisac-image-fit\">\r<div class=\"wpsisac-slick-image-slide wpsisac-clr-1 wpsisac-slide-10619\">\r\t<div class=\"wpsisac-slide-wrap\">\r\t\t\t\t\t<div class=\"wpsisac-img-wrap\" style=\"height:300px;\">\r\t\t\t\t<img decoding=\"async\" class=\"wpsisac-slider-img\" src=\"\" alt=\"Rhythmische Gymnastik &#8211; 1. Internationaler Basilisk Cup\" data-lazy=\"https:\/\/stjakobshalle.ch\/wp-content\/uploads\/RG-Basilisk-Cup-Mai-2026-1.png\"  \/>\r\t\t\t\t\t\t\t\t\t<a class=\"wpsisac-slick-slider-link\" href=\"https:\/\/stjakobshalle.ch\/events\/\" target=\"_self\"><\/a>\r\t\t\t\t\t\t\t<\/div>\r\t\t\t\t<div class=\"wpsisac-slideline\">\r\t\t\t<hr>\r\t\t<\/div>\r\t\t<div class=\"wpsisac-slider-content\">\r\t\t\t\t\t\t\t<div class=\"wpsisac-slider-short-content\"><h4><strong>Rhythmische Gymnastik &#8211; 1. Internationaler Basilisk Cup<\/strong><\/h4>\n<p>01. &#8211; 03.05.2026<\/p>\n<\/div>\r\t\t\t\t\t<\/div>\r\t<\/div>\r<\/div>\r<div class=\"wpsisac-slick-image-slide wpsisac-clr-2 wpsisac-slide-9698\">\r\t<div class=\"wpsisac-slide-wrap\">\r\t\t\t\t\t<div class=\"wpsisac-img-wrap\" style=\"height:300px;\">\r\t\t\t\t<img decoding=\"async\" class=\"wpsisac-slider-img\" src=\"\" alt=\"HECHT\" data-lazy=\"https:\/\/stjakobshalle.ch\/wp-content\/uploads\/Gadget_HECHT_2025_SoMe_Story_8.jpg\"  \/>\r\t\t\t\t\t\t\t\t\t<a class=\"wpsisac-slick-slider-link\" href=\"https:\/\/stjakobshalle.ch\/events\/\" target=\"_self\"><\/a>\r\t\t\t\t\t\t\t<\/div>\r\t\t\t\t<div class=\"wpsisac-slideline\">\r\t\t\t<hr>\r\t\t<\/div>\r\t\t<div class=\"wpsisac-slider-content\">\r\t\t\t\t\t\t\t<div class=\"wpsisac-slider-short-content\"><h4><strong>HECHT<\/strong><\/h4>\n<p>09.05.2026<\/p>\n<\/div>\r\t\t\t\t\t<\/div>\r\t<\/div>\r<\/div>\r<div class=\"wpsisac-slick-image-slide wpsisac-clr-3 wpsisac-slide-10484\">\r\t<div class=\"wpsisac-slide-wrap\">\r\t\t\t\t\t<div class=\"wpsisac-img-wrap\" style=\"height:300px;\">\r\t\t\t\t<img decoding=\"async\" class=\"wpsisac-slider-img\" src=\"\" alt=\"X-Event &#8211; Fight Workout\" data-lazy=\"https:\/\/stjakobshalle.ch\/wp-content\/uploads\/Fuer_APG_Hoch-ST.-J-13.06.20261.jpg\"  \/>\r\t\t\t\t\t\t\t\t\t<a class=\"wpsisac-slick-slider-link\" href=\"https:\/\/stjakobshalle.ch\/events\/\" target=\"_self\"><\/a>\r\t\t\t\t\t\t\t<\/div>\r\t\t\t\t<div class=\"wpsisac-slideline\">\r\t\t\t<hr>\r\t\t<\/div>\r\t\t<div class=\"wpsisac-slider-content\">\r\t\t\t\t\t\t\t<div class=\"wpsisac-slider-short-content\"><h4><strong>X-Event &#8211; Fight Workout<\/strong><\/h4>\n<p>13.06.2026<\/p>\n<\/div>\r\t\t\t\t\t<\/div>\r\t<\/div>\r<\/div>\r<div class=\"wpsisac-slick-image-slide wpsisac-clr-4 wpsisac-slide-10571\">\r\t<div class=\"wpsisac-slide-wrap\">\r\t\t\t\t\t<div class=\"wpsisac-img-wrap\" style=\"height:300px;\">\r\t\t\t\t<img decoding=\"async\" class=\"wpsisac-slider-img\" src=\"\" alt=\"Boxen beider Basel\" data-lazy=\"https:\/\/stjakobshalle.ch\/wp-content\/uploads\/bbb_7_1080_1920.jpg\"  \/>\r\t\t\t\t\t\t\t\t\t<a class=\"wpsisac-slick-slider-link\" href=\"https:\/\/stjakobshalle.ch\/events\/\" target=\"_self\"><\/a>\r\t\t\t\t\t\t\t<\/div>\r\t\t\t\t<div class=\"wpsisac-slideline\">\r\t\t\t<hr>\r\t\t<\/div>\r\t\t<div class=\"wpsisac-slider-content\">\r\t\t\t\t\t\t\t<div class=\"wpsisac-slider-short-content\"><h4><strong>Boxen beider Basel<\/strong><\/h4>\n<p>20.06.2026<\/p>\n<\/div>\r\t\t\t\t\t<\/div>\r\t<\/div>\r<\/div>\r<div class=\"wpsisac-slick-image-slide wpsisac-clr-5 wpsisac-slide-9978\">\r\t<div class=\"wpsisac-slide-wrap\">\r\t\t\t\t\t<div class=\"wpsisac-img-wrap\" style=\"height:300px;\">\r\t\t\t\t<img decoding=\"async\" class=\"wpsisac-slider-img\" src=\"\" alt=\"Polysport-Camp\" data-lazy=\"https:\/\/stjakobshalle.ch\/wp-content\/uploads\/2606-EPanel-Basel-Polysport-1080x1920px.png\"  \/>\r\t\t\t\t\t\t\t\t\t<a class=\"wpsisac-slick-slider-link\" href=\"https:\/\/stjakobshalle.ch\/events\/\" target=\"_self\"><\/a>\r\t\t\t\t\t\t\t<\/div>\r\t\t\t\t<div class=\"wpsisac-slideline\">\r\t\t\t<hr>\r\t\t<\/div>\r\t\t<div class=\"wpsisac-slider-content\">\r\t\t\t\t\t\t\t<div class=\"wpsisac-slider-short-content\"><h4><strong>Polysport-Camp<\/strong><\/h4>\n<p>29.06. &#8211; 03.07.26<\/p>\n<\/div>\r\t\t\t\t\t<\/div>\r\t<\/div>\r<\/div>\r<div class=\"wpsisac-slick-image-slide wpsisac-clr-1 wpsisac-slide-10633\">\r\t<div class=\"wpsisac-slide-wrap\">\r\t\t\t\t\t<div class=\"wpsisac-img-wrap\" style=\"height:300px;\">\r\t\t\t\t<img decoding=\"async\" class=\"wpsisac-slider-img\" src=\"\" alt=\"Polysport-Camp\" data-lazy=\"https:\/\/stjakobshalle.ch\/wp-content\/uploads\/2608-EPanel-Basel-Polysport-1080x1920px.png\"  \/>\r\t\t\t\t\t\t\t\t\t<a class=\"wpsisac-slick-slider-link\" href=\"https:\/\/stjakobshalle.ch\/events\/\" target=\"_self\"><\/a>\r\t\t\t\t\t\t\t<\/div>\r\t\t\t\t<div class=\"wpsisac-slideline\">\r\t\t\t<hr>\r\t\t<\/div>\r\t\t<div class=\"wpsisac-slider-content\">\r\t\t\t\t\t\t\t<div class=\"wpsisac-slider-short-content\"><h4><strong>Polysport-Camp<\/strong><\/h4>\n<p>03.08. &#8211; 07.08.26<\/p>\n<\/div>\r\t\t\t\t\t<\/div>\r\t<\/div>\r<\/div>\r<div class=\"wpsisac-slick-image-slide wpsisac-clr-2 wpsisac-slide-9980\">\r\t<div class=\"wpsisac-slide-wrap\">\r\t\t\t\t\t<div class=\"wpsisac-img-wrap\" style=\"height:300px;\">\r\t\t\t\t<img decoding=\"async\" class=\"wpsisac-slider-img\" src=\"\" alt=\"Fussball-Camp\" data-lazy=\"https:\/\/stjakobshalle.ch\/wp-content\/uploads\/2606-EPanel-Basel-Fussball-1080x1920px.png\"  \/>\r\t\t\t\t\t\t\t\t\t<a class=\"wpsisac-slick-slider-link\" href=\"https:\/\/stjakobshalle.ch\/events\/\" target=\"_self\"><\/a>\r\t\t\t\t\t\t\t<\/div>\r\t\t\t\t<div class=\"wpsisac-slideline\">\r\t\t\t<hr>\r\t\t<\/div>\r\t\t<div class=\"wpsisac-slider-content\">\r\t\t\t\t\t\t\t<div class=\"wpsisac-slider-short-content\"><h4><strong>Fussball-Camp<\/strong><\/h4>\n<p>29.06. &#8211; 03.07.26<\/p>\n<\/div>\r\t\t\t\t\t<\/div>\r\t<\/div>\r<\/div>\r<div class=\"wpsisac-slick-image-slide wpsisac-clr-3 wpsisac-slide-9977\">\r\t<div class=\"wpsisac-slide-wrap\">\r\t\t\t\t\t<div class=\"wpsisac-img-wrap\" style=\"height:300px;\">\r\t\t\t\t<img decoding=\"async\" class=\"wpsisac-slider-img\" src=\"\" alt=\"Tanz-Camp\" data-lazy=\"https:\/\/stjakobshalle.ch\/wp-content\/uploads\/2606-EPanel-Basel-Tanz-1080x1920px.png\"  \/>\r\t\t\t\t\t\t\t\t\t<a class=\"wpsisac-slick-slider-link\" href=\"https:\/\/stjakobshalle.ch\/events\/\" target=\"_self\"><\/a>\r\t\t\t\t\t\t\t<\/div>\r\t\t\t\t<div class=\"wpsisac-slideline\">\r\t\t\t<hr>\r\t\t<\/div>\r\t\t<div class=\"wpsisac-slider-content\">\r\t\t\t\t\t\t\t<div class=\"wpsisac-slider-short-content\"><h4><strong>Tanz-Camp<\/strong><\/h4>\n<p>06. &#8211; 10.07.2026<\/p>\n<\/div>\r\t\t\t\t\t<\/div>\r\t<\/div>\r<\/div>\r<div class=\"wpsisac-slick-image-slide wpsisac-clr-4 wpsisac-slide-9979\">\r\t<div class=\"wpsisac-slide-wrap\">\r\t\t\t\t\t<div class=\"wpsisac-img-wrap\" style=\"height:300px;\">\r\t\t\t\t<img decoding=\"async\" class=\"wpsisac-slider-img\" src=\"\" alt=\"Kampfsport-Camp\" data-lazy=\"https:\/\/stjakobshalle.ch\/wp-content\/uploads\/2606-EPanel-Basel-Kampfsport-1080x1920px.png\"  \/>\r\t\t\t\t\t\t\t\t\t<a class=\"wpsisac-slick-slider-link\" href=\"https:\/\/stjakobshalle.ch\/events\/\" target=\"_self\"><\/a>\r\t\t\t\t\t\t\t<\/div>\r\t\t\t\t<div class=\"wpsisac-slideline\">\r\t\t\t<hr>\r\t\t<\/div>\r\t\t<div class=\"wpsisac-slider-content\">\r\t\t\t\t\t\t\t<div class=\"wpsisac-slider-short-content\"><h4><strong>Kampfsport-Camp<\/strong><\/h4>\n<p>06.07. &#8211; 10.07.26<\/p>\n<\/div>\r\t\t\t\t\t<\/div>\r\t<\/div>\r<\/div>\r<div class=\"wpsisac-slick-image-slide wpsisac-clr-5 wpsisac-slide-10136\">\r\t<div class=\"wpsisac-slide-wrap\">\r\t\t\t\t\t<div class=\"wpsisac-img-wrap\" style=\"height:300px;\">\r\t\t\t\t<img decoding=\"async\" class=\"wpsisac-slider-img\" src=\"\" alt=\"Biker Days Basel\" data-lazy=\"https:\/\/stjakobshalle.ch\/wp-content\/uploads\/BDB26-Banner-1080x1920px.jpg\"  \/>\r\t\t\t\t\t\t\t\t\t<a class=\"wpsisac-slick-slider-link\" href=\"https:\/\/stjakobshalle.ch\/events\/\" target=\"_self\"><\/a>\r\t\t\t\t\t\t\t<\/div>\r\t\t\t\t<div class=\"wpsisac-slideline\">\r\t\t\t<hr>\r\t\t<\/div>\r\t\t<div class=\"wpsisac-slider-content\">\r\t\t\t\t\t\t\t<div class=\"wpsisac-slider-short-content\"><h4><strong>Biker Days Basel<\/strong><\/h4>\n<p>10. &#8211; 12.07.2026<\/p>\n<\/div>\r\t\t\t\t\t<\/div>\r\t<\/div>\r<\/div>\r<div class=\"wpsisac-slick-image-slide wpsisac-clr-1 wpsisac-slide-10632\">\r\t<div class=\"wpsisac-slide-wrap\">\r\t\t\t\t\t<div class=\"wpsisac-img-wrap\" style=\"height:300px;\">\r\t\t\t\t<img decoding=\"async\" class=\"wpsisac-slider-img\" src=\"\" alt=\"Fussball-Camp\" data-lazy=\"https:\/\/stjakobshalle.ch\/wp-content\/uploads\/2608-EPanel-Basel-Fussball-1080x1920px.png\"  \/>\r\t\t\t\t\t\t\t\t\t<a class=\"wpsisac-slick-slider-link\" href=\"https:\/\/stjakobshalle.ch\/events\/\" target=\"_self\"><\/a>\r\t\t\t\t\t\t\t<\/div>\r\t\t\t\t<div class=\"wpsisac-slideline\">\r\t\t\t<hr>\r\t\t<\/div>\r\t\t<div class=\"wpsisac-slider-content\">\r\t\t\t\t\t\t\t<div class=\"wpsisac-slider-short-content\"><h4><strong>Fussball-Camp<\/strong><\/h4>\n<p>03.08. &#8211; 07.08.26<\/p>\n<\/div>\r\t\t\t\t\t<\/div>\r\t<\/div>\r<\/div>\r<div class=\"wpsisac-slick-image-slide wpsisac-clr-2 wpsisac-slide-10608\">\r\t<div class=\"wpsisac-slide-wrap\">\r\t\t\t\t\t<div class=\"wpsisac-img-wrap\" style=\"height:300px;\">\r\t\t\t\t<img decoding=\"async\" class=\"wpsisac-slider-img\" src=\"\" alt=\"AutoMobil Basel\" data-lazy=\"https:\/\/stjakobshalle.ch\/wp-content\/uploads\/abs_26_1080x1920-statisch.jpg\"  \/>\r\t\t\t\t\t\t\t\t\t<a class=\"wpsisac-slick-slider-link\" href=\"https:\/\/stjakobshalle.ch\/events\/\" target=\"_self\"><\/a>\r\t\t\t\t\t\t\t<\/div>\r\t\t\t\t<div class=\"wpsisac-slideline\">\r\t\t\t<hr>\r\t\t<\/div>\r\t\t<div class=\"wpsisac-slider-content\">\r\t\t\t\t\t\t\t<div class=\"wpsisac-slider-short-content\"><h4><strong>AutoMobil Basel<\/strong><\/h4>\n<p>04. \u2013 06.09.2026<\/p>\n<\/div>\r\t\t\t\t\t<\/div>\r\t<\/div>\r<\/div>\r<div class=\"wpsisac-slick-image-slide wpsisac-clr-3 wpsisac-slide-10421\">\r\t<div class=\"wpsisac-slide-wrap\">\r\t\t\t\t\t<div class=\"wpsisac-img-wrap\" style=\"height:300px;\">\r\t\t\t\t<img decoding=\"async\" class=\"wpsisac-slider-img\" src=\"\" alt=\"Int. Basel Open Masters Karate Tournament Switzerland\" data-lazy=\"https:\/\/stjakobshalle.ch\/wp-content\/uploads\/BOM-2026-_1080x1920hoch-NEU.pdf.jpg\"  \/>\r\t\t\t\t\t\t\t\t\t<a class=\"wpsisac-slick-slider-link\" href=\"https:\/\/stjakobshalle.ch\/events\/\" target=\"_self\"><\/a>\r\t\t\t\t\t\t\t<\/div>\r\t\t\t\t<div class=\"wpsisac-slideline\">\r\t\t\t<hr>\r\t\t<\/div>\r\t\t<div class=\"wpsisac-slider-content\">\r\t\t\t\t\t\t\t<div class=\"wpsisac-slider-short-content\"><h4><strong>Int. Basel Open Masters Karate Tournament Switzerland<\/strong><\/h4>\n<p>28-29.08.2026<\/p>\n<\/div>\r\t\t\t\t\t<\/div>\r\t<\/div>\r<\/div>\r<div class=\"wpsisac-slick-image-slide wpsisac-clr-4 wpsisac-slide-9836\">\r\t<div class=\"wpsisac-slide-wrap\">\r\t\t\t\t\t<div class=\"wpsisac-img-wrap\" style=\"height:300px;\">\r\t\t\t\t<img decoding=\"async\" class=\"wpsisac-slider-img\" src=\"\" alt=\"Sport-Kids Feriencamps\" data-lazy=\"https:\/\/stjakobshalle.ch\/wp-content\/uploads\/Sport-Kids-Hochformat.jpg\"  \/>\r\t\t\t\t\t\t\t\t\t<a class=\"wpsisac-slick-slider-link\" href=\"https:\/\/stjakobshalle.ch\/events\/\" target=\"_self\"><\/a>\r\t\t\t\t\t\t\t<\/div>\r\t\t\t\t<div class=\"wpsisac-slideline\">\r\t\t\t<hr>\r\t\t<\/div>\r\t\t<div class=\"wpsisac-slider-content\">\r\t\t\t\t\t\t\t<div class=\"wpsisac-slider-short-content\"><h4><strong>Sport-Kids Feriencamps<\/strong><\/h4>\n<p>05.10. \u2013 09.10.26<br \/>\n06.07. \u2013 10.07.26<\/p>\n<\/div>\r\t\t\t\t\t<\/div>\r\t<\/div>\r<\/div>\r<div class=\"wpsisac-slick-image-slide wpsisac-clr-5 wpsisac-slide-10029\">\r\t<div class=\"wpsisac-slide-wrap\">\r\t\t\t\t\t<div class=\"wpsisac-img-wrap\" style=\"height:300px;\">\r\t\t\t\t<img decoding=\"async\" class=\"wpsisac-slider-img\" src=\"\" alt=\"Swiss Indoors Basel\" data-lazy=\"https:\/\/stjakobshalle.ch\/wp-content\/uploads\/si26_Screens_1080x1920px__Zeichenflaeche-1.jpg\"  \/>\r\t\t\t\t\t\t\t\t\t<a class=\"wpsisac-slick-slider-link\" href=\"https:\/\/stjakobshalle.ch\/events\/\" target=\"_self\"><\/a>\r\t\t\t\t\t\t\t<\/div>\r\t\t\t\t<div class=\"wpsisac-slideline\">\r\t\t\t<hr>\r\t\t<\/div>\r\t\t<div class=\"wpsisac-slider-content\">\r\t\t\t\t\t\t\t<div class=\"wpsisac-slider-short-content\"><h4><strong>Swiss Indoors Basel<\/strong><\/h4>\n<p>24.10. &#8211; 01.11.2026<\/p>\n<\/div>\r\t\t\t\t\t<\/div>\r\t<\/div>\r<\/div>\r\n\t<\/div>\r\n<\/div>\n<p>[\/vc_column_text][\/vc_column][\/vc_row][vc_row][vc_column][vc_column_text el_class=&#8221;kalender&#8221;]<\/p>\n<p style=\"text-align: center;\"><a class=\"button\" href=\"https:\/\/stjakobshalle.ch\/en\/events\">All Events<\/a><\/p>\n<p>[\/vc_column_text][\/vc_column][\/vc_row][\/vc_section][vc_row disable_element=&#8221;yes&#8221; css=&#8221;.vc_custom_1697441413978{margin-top: 0px !important;margin-right: 0px !important;margin-bottom: 0px !important;margin-left: 0px !important;background-color: #301709 !important;}&#8221;][vc_column][vc_column_text]<\/p>\n<h2>News<\/h2>\n<p>[\/vc_column_text][vc_row_inner disable_element=&#8221;yes&#8221;][vc_column_inner][vc_column_text]<\/p>\n<h6>20.04.2023<\/h6>\n<p>[\/vc_column_text][vc_column_text]<\/p>\n<h5><strong>L<\/strong><strong>uke Mockridges Live-Tour &#8220;TRIPPY\u201c ist abgesagt<br \/>\n<\/strong><\/h5>\n<p>Aus produktionstechnischen Gr\u00fcnden kann die Show von Luke Mockridge in Basel nicht wie geplant stattfinden und muss leider abgesagt werden.<\/p>\n<p>Abgesagter Termin: 04.05.2023, Basel \u2013 St. Jakobshalle | 19:30 Uhr<\/p>\n<p>F\u00fcr die Ticketk\u00e4ufer bestehen folgende zwei M\u00f6glichkeiten:<\/p>\n<ol>\n<li>Umtausch f\u00fcr die Show im Hallenstadion Z\u00fcrich am 01.06.2023 um 19:30 Uhr direkt am Veranstaltungstag an der Abendkasse.<br \/>\nDie Abendkasse \u00f6ffnet um 18.00 Uhr, bitte erscheinen Sie so fr\u00fch wie m\u00f6glich, um l\u00e4ngere Wartezeiten zu umgehen.<\/li>\n<li>Ticketr\u00fcckerstattung innerhalb von 30 Tagen an den jeweiligen Vorverkaufsstellen, an denen die Tickets erworben wurden.<\/li>\n<\/ol>\n<p>Kontakt Ticketcorner: <a href=\"&#109;&#x61;i&#108;&#x74;o&#58;&#x63;o&#x6e;&#x73;&#117;&#x6d;e&#114;&#x63;a&#114;&#x65;&#64;&#x74;&#x69;&#99;&#x6b;&#x65;&#116;&#x63;o&#114;&#x6e;e&#114;&#x2e;c&#x68;\">&#x63;&#x6f;&#x6e;&#x73;&#x75;&#x6d;&#x65;&#x72;&#99;&#97;&#114;&#101;&#64;&#116;&#105;cket&#x63;&#x6f;&#x72;&#x6e;&#x65;&#x72;&#x2e;&#x63;&#x68;<\/a> oder telefonisch unter +41 (0)900 800 800 (CHF 1.19\/min., Festnetztarif).[\/vc_column_text][\/vc_column_inner][\/vc_row_inner][vc_row_inner disable_element=&#8221;yes&#8221;][vc_column_inner][vc_column_text]<\/p>\n<h6>05.04.2023<\/h6>\n<p>[\/vc_column_text][vc_column_text]<\/p>\n<h5><strong>Das Stromae Konzert ist abgesagt<br \/>\n<\/strong><\/h5>\n<p>Bedauerlicherweise wurde das Stromae Konzert, welches am 26. April 2023 in der St. Jakobshalle stattgefunden h\u00e4tte, abgesagt.<\/p>\n<p>Ticketk\u00e4ufer k\u00f6nnen bei der Ticketverkaufsstelle eine sofortige R\u00fcckerstattung verlangen.<\/p>\n<p>Es folgt ein Statement von Stromae selbst: <em>&#8220;Ich habe festgestellt, dass es mir mein derzeitiger Gesundheitszustand nicht erlaubt, Sie alle im Moment zu treffen. Leider teile ich diese Nachricht mit Ihnen, die mich mit Traurigkeit erf\u00fcllt, aber ich muss meine Grenzen eingestehen. Umgeben von meiner Familie muss ich mir die Zeit nehmen, besser zu werden, um wieder auftreten zu k\u00f6nnen. Ich hoffe, Ihnen bald weitere positive Nachrichten \u00fcberbringen zu k\u00f6nnen. Ich freue mich darauf, Sie alle zu sehen und diese Tour zusammen mit meinen Teams fortzusetzen, die mich all die Jahre \u00fcber unterst\u00fctzt haben. Passen Sie auf sich auf.&#8221;<\/em>[\/vc_column_text][\/vc_column_inner][\/vc_row_inner][vc_row_inner disable_element=&#8221;yes&#8221;][vc_column_inner][vc_column_text]<\/p>\n<h6>31.03.2023<\/h6>\n<p>[\/vc_column_text][vc_column_text]<\/p>\n<h5><strong>Trapeton Summer Bash findet nur am 24. Juni statt<br \/>\n<\/strong><\/h5>\n<p>Leider wird der Freitag, 23. Juni, abgesagt. Es handelt sich dabei um den ersten von zwei geplanten Tagen, die im Rahmen des Trapeton Summer Bash Festivals in der Basler St. Jakobshalle geplant waren.<\/p>\n<p>Grund daf\u00fcr ist die Absage der Europatournee 2023 der kolumbianische K\u00fcnstlerin Karol G, die urspr\u00fcnglich als Hauptact f\u00fcr den Freitag, 23. Juni, gebucht war. In der Folge findet das Festival nun erst am Samstag, 24. Juni, statt.<\/p>\n<p>F\u00fcr weitere Informationen verweisen wir auf <a href=\"http:\/\/www.trapeton.ch\" target=\"_blank\" rel=\"noopener\">Trapeton.ch<\/a>[\/vc_column_text][\/vc_column_inner][\/vc_row_inner][\/vc_column][\/vc_row]<\/p>\n<\/div>","protected":false},"excerpt":{"rendered":"<p>[vc_section full_width=&#8221;stretch_row&#8221; video_bg=&#8221;yes&#8221; video_bg_url=&#8221;https:\/\/hallenstadion.ch\/wp-content\/uploads\/2021\/11\/HASTA_Intro_final.mp4&#8243; css=&#8221;.vc_custom_1707210327991{background-image: url(https:\/\/stjakobshalle.ch\/wp-content\/uploads\/StJakobs-Web-Folgeseite-8_Events-Kopie.png?id=6926) !important;background-position: center !important;background-repeat: no-repeat !important;background-size: cover !important;}&#8221;][vc_row css=&#8221;.vc_custom_1697448900681{padding-top: 3em !important;padding-bottom: 5em !important;}&#8221;][vc_column width=&#8221;1\/2&#8243;][vc_column_text css=&#8221;.vc_custom_1709623941550{padding-right: 20px !important;}&#8221;] Welcome to Switzerland\u2019s top multipurpose Indoor Arena. [\/vc_column_text][vc_column_text el_class=&#8221;lead&#8221;]St. Jakobshalle Basel boasts a total of eleven halls under one roof and offers perfect conditions as well as all-round support to host unique events &#8230; <a title=\"Swiss Indoors Basel\" class=\"read-more\" href=\"https:\/\/stjakobshalle.ch\/en\/?post_type=slick_slider&#038;p=10029\" aria-label=\"Read more about Swiss Indoors Basel\">Read more<\/a><\/p>\n","protected":false},"author":8,"featured_media":0,"parent":0,"menu_order":1,"comment_status":"closed","ping_status":"closed","template":"","meta":{"inline_featured_image":false,"footnotes":""},"class_list":["post-7711","page","type-page","status-publish","hentry"],"yoast_head":"<!-- This site is optimized with the Yoast SEO plugin v27.0 - https:\/\/yoast.com\/product\/yoast-seo-wordpress\/ -->\n<title>Home - St. Jakobshalle Basel<\/title>\n<meta name=\"robots\" content=\"index, follow, max-snippet:-1, max-image-preview:large, max-video-preview:-1\" \/>\n<link rel=\"canonical\" href=\"https:\/\/stjakobshalle.ch\/en\/\" \/>\n<meta property=\"og:locale\" content=\"en_US\" \/>\n<meta property=\"og:type\" content=\"article\" \/>\n<meta property=\"og:title\" content=\"Home - St. Jakobshalle Basel\" \/>\n<meta property=\"og:description\" content=\"[vc_section full_width=&#8221;stretch_row&#8221; video_bg=&#8221;yes&#8221; video_bg_url=&#8221;https:\/\/hallenstadion.ch\/wp-content\/uploads\/2021\/11\/HASTA_Intro_final.mp4&#8243; css=&#8221;.vc_custom_1707210327991{background-image: url(https:\/\/stjakobshalle.ch\/wp-content\/uploads\/StJakobs-Web-Folgeseite-8_Events-Kopie.png?id=6926) !important;background-position: center !important;background-repeat: no-repeat !important;background-size: cover !important;}&#8221;][vc_row css=&#8221;.vc_custom_1697448900681{padding-top: 3em !important;padding-bottom: 5em !important;}&#8221;][vc_column width=&#8221;1\/2&#8243;][vc_column_text css=&#8221;.vc_custom_1709623941550{padding-right: 20px !important;}&#8221;] Welcome to Switzerland\u2019s top multipurpose Indoor Arena. [\/vc_column_text][vc_column_text el_class=&#8221;lead&#8221;]St. Jakobshalle Basel boasts a total of eleven halls under one roof and offers perfect conditions as well as all-round support to host unique events ... Read more\" \/>\n<meta property=\"og:url\" content=\"https:\/\/stjakobshalle.ch\/en\/\" \/>\n<meta property=\"og:site_name\" content=\"St. Jakobshalle Basel\" \/>\n<meta property=\"article:publisher\" content=\"https:\/\/www.facebook.com\/stjakobshalle.ch\" \/>\n<meta property=\"article:modified_time\" content=\"2024-03-07T09:10:52+00:00\" \/>\n<meta name=\"twitter:card\" content=\"summary_large_image\" \/>\n<meta name=\"twitter:label1\" content=\"Est. reading time\" \/>\n\t<meta name=\"twitter:data1\" content=\"3 minutes\" \/>\n<script type=\"application\/ld+json\" class=\"yoast-schema-graph\">{\"@context\":\"https:\/\/schema.org\",\"@graph\":[{\"@type\":\"WebPage\",\"@id\":\"https:\/\/stjakobshalle.ch\/en\/\",\"url\":\"https:\/\/stjakobshalle.ch\/en\/\",\"name\":\"Home - St. Jakobshalle Basel\",\"isPartOf\":{\"@id\":\"https:\/\/stjakobshalle.ch\/#website\"},\"datePublished\":\"2024-02-06T09:08:20+00:00\",\"dateModified\":\"2024-03-07T09:10:52+00:00\",\"breadcrumb\":{\"@id\":\"https:\/\/stjakobshalle.ch\/en\/#breadcrumb\"},\"inLanguage\":\"en-US\",\"potentialAction\":[{\"@type\":\"ReadAction\",\"target\":[\"https:\/\/stjakobshalle.ch\/en\/\"]}]},{\"@type\":\"BreadcrumbList\",\"@id\":\"https:\/\/stjakobshalle.ch\/en\/#breadcrumb\",\"itemListElement\":[{\"@type\":\"ListItem\",\"position\":1,\"name\":\"Startseite\",\"item\":\"https:\/\/stjakobshalle.ch\/en\/\"},{\"@type\":\"ListItem\",\"position\":2,\"name\":\"Home\"}]},{\"@type\":\"WebSite\",\"@id\":\"https:\/\/stjakobshalle.ch\/#website\",\"url\":\"https:\/\/stjakobshalle.ch\/\",\"name\":\"St. Jakobshalle Basel\",\"description\":\"Willkommen in der multifunktionalsten Halle der Schweiz\",\"publisher\":{\"@id\":\"https:\/\/stjakobshalle.ch\/#organization\"},\"potentialAction\":[{\"@type\":\"SearchAction\",\"target\":{\"@type\":\"EntryPoint\",\"urlTemplate\":\"https:\/\/stjakobshalle.ch\/?s={search_term_string}\"},\"query-input\":{\"@type\":\"PropertyValueSpecification\",\"valueRequired\":true,\"valueName\":\"search_term_string\"}}],\"inLanguage\":\"en-US\"},{\"@type\":\"Organization\",\"@id\":\"https:\/\/stjakobshalle.ch\/#organization\",\"name\":\"St. Jakobshalle Basel\",\"url\":\"https:\/\/stjakobshalle.ch\/\",\"logo\":{\"@type\":\"ImageObject\",\"inLanguage\":\"en-US\",\"@id\":\"https:\/\/stjakobshalle.ch\/#\/schema\/logo\/image\/\",\"url\":\"https:\/\/stjakobshalle.ch\/wp-content\/uploads\/SJH_Logo.svg\",\"contentUrl\":\"https:\/\/stjakobshalle.ch\/wp-content\/uploads\/SJH_Logo.svg\",\"caption\":\"St. Jakobshalle Basel\"},\"image\":{\"@id\":\"https:\/\/stjakobshalle.ch\/#\/schema\/logo\/image\/\"},\"sameAs\":[\"https:\/\/www.facebook.com\/stjakobshalle.ch\",\"https:\/\/www.instagram.com\/st.jakobshalle_basel\/\",\"https:\/\/www.linkedin.com\/company\/st.-jakobshalle-basel\/\"]}]}<\/script>\n<!-- \/ Yoast SEO plugin. -->","yoast_head_json":{"title":"Home - St. Jakobshalle Basel","robots":{"index":"index","follow":"follow","max-snippet":"max-snippet:-1","max-image-preview":"max-image-preview:large","max-video-preview":"max-video-preview:-1"},"canonical":"https:\/\/stjakobshalle.ch\/en\/","og_locale":"en_US","og_type":"article","og_title":"Home - St. Jakobshalle Basel","og_description":"[vc_section full_width=&#8221;stretch_row&#8221; video_bg=&#8221;yes&#8221; video_bg_url=&#8221;https:\/\/hallenstadion.ch\/wp-content\/uploads\/2021\/11\/HASTA_Intro_final.mp4&#8243; css=&#8221;.vc_custom_1707210327991{background-image: url(https:\/\/stjakobshalle.ch\/wp-content\/uploads\/StJakobs-Web-Folgeseite-8_Events-Kopie.png?id=6926) !important;background-position: center !important;background-repeat: no-repeat !important;background-size: cover !important;}&#8221;][vc_row css=&#8221;.vc_custom_1697448900681{padding-top: 3em !important;padding-bottom: 5em !important;}&#8221;][vc_column width=&#8221;1\/2&#8243;][vc_column_text css=&#8221;.vc_custom_1709623941550{padding-right: 20px !important;}&#8221;] Welcome to Switzerland\u2019s top multipurpose Indoor Arena. [\/vc_column_text][vc_column_text el_class=&#8221;lead&#8221;]St. Jakobshalle Basel boasts a total of eleven halls under one roof and offers perfect conditions as well as all-round support to host unique events ... Read more","og_url":"https:\/\/stjakobshalle.ch\/en\/","og_site_name":"St. Jakobshalle Basel","article_publisher":"https:\/\/www.facebook.com\/stjakobshalle.ch","article_modified_time":"2024-03-07T09:10:52+00:00","twitter_card":"summary_large_image","twitter_misc":{"Est. reading time":"3 minutes"},"schema":{"@context":"https:\/\/schema.org","@graph":[{"@type":"WebPage","@id":"https:\/\/stjakobshalle.ch\/en\/","url":"https:\/\/stjakobshalle.ch\/en\/","name":"Home - St. Jakobshalle Basel","isPartOf":{"@id":"https:\/\/stjakobshalle.ch\/#website"},"datePublished":"2024-02-06T09:08:20+00:00","dateModified":"2024-03-07T09:10:52+00:00","breadcrumb":{"@id":"https:\/\/stjakobshalle.ch\/en\/#breadcrumb"},"inLanguage":"en-US","potentialAction":[{"@type":"ReadAction","target":["https:\/\/stjakobshalle.ch\/en\/"]}]},{"@type":"BreadcrumbList","@id":"https:\/\/stjakobshalle.ch\/en\/#breadcrumb","itemListElement":[{"@type":"ListItem","position":1,"name":"Startseite","item":"https:\/\/stjakobshalle.ch\/en\/"},{"@type":"ListItem","position":2,"name":"Home"}]},{"@type":"WebSite","@id":"https:\/\/stjakobshalle.ch\/#website","url":"https:\/\/stjakobshalle.ch\/","name":"St. Jakobshalle Basel","description":"Willkommen in der multifunktionalsten Halle der Schweiz","publisher":{"@id":"https:\/\/stjakobshalle.ch\/#organization"},"potentialAction":[{"@type":"SearchAction","target":{"@type":"EntryPoint","urlTemplate":"https:\/\/stjakobshalle.ch\/?s={search_term_string}"},"query-input":{"@type":"PropertyValueSpecification","valueRequired":true,"valueName":"search_term_string"}}],"inLanguage":"en-US"},{"@type":"Organization","@id":"https:\/\/stjakobshalle.ch\/#organization","name":"St. Jakobshalle Basel","url":"https:\/\/stjakobshalle.ch\/","logo":{"@type":"ImageObject","inLanguage":"en-US","@id":"https:\/\/stjakobshalle.ch\/#\/schema\/logo\/image\/","url":"https:\/\/stjakobshalle.ch\/wp-content\/uploads\/SJH_Logo.svg","contentUrl":"https:\/\/stjakobshalle.ch\/wp-content\/uploads\/SJH_Logo.svg","caption":"St. Jakobshalle Basel"},"image":{"@id":"https:\/\/stjakobshalle.ch\/#\/schema\/logo\/image\/"},"sameAs":["https:\/\/www.facebook.com\/stjakobshalle.ch","https:\/\/www.instagram.com\/st.jakobshalle_basel\/","https:\/\/www.linkedin.com\/company\/st.-jakobshalle-basel\/"]}]}},"_links":{"self":[{"href":"https:\/\/stjakobshalle.ch\/en\/wp-json\/wp\/v2\/pages\/7711","targetHints":{"allow":["GET"]}}],"collection":[{"href":"https:\/\/stjakobshalle.ch\/en\/wp-json\/wp\/v2\/pages"}],"about":[{"href":"https:\/\/stjakobshalle.ch\/en\/wp-json\/wp\/v2\/types\/page"}],"author":[{"embeddable":true,"href":"https:\/\/stjakobshalle.ch\/en\/wp-json\/wp\/v2\/users\/8"}],"replies":[{"embeddable":true,"href":"https:\/\/stjakobshalle.ch\/en\/wp-json\/wp\/v2\/comments?post=7711"}],"version-history":[{"count":0,"href":"https:\/\/stjakobshalle.ch\/en\/wp-json\/wp\/v2\/pages\/7711\/revisions"}],"wp:attachment":[{"href":"https:\/\/stjakobshalle.ch\/en\/wp-json\/wp\/v2\/media?parent=7711"}],"curies":[{"name":"wp","href":"https:\/\/api.w.org\/{rel}","templated":true}]}}